{"id":299,"date":"2018-07-24T12:26:09","date_gmt":"2018-07-24T12:26:09","guid":{"rendered":"http:\/\/dbs-c.de\/?page_id=299"},"modified":"2024-06-02T19:16:18","modified_gmt":"2024-06-02T19:16:18","slug":"datenschutzerklaerung","status":"publish","type":"page","link":"https:\/\/dbs-c.de\/?page_id=299","title":{"rendered":"Datenschutzerkl\u00e4rung"},"content":{"rendered":"\n<p><strong>Datenschutzerkl\u00e4rung nach DS-GVO<\/strong><\/p>\n\n\n\n<p><strong>Vorwort<\/strong><\/p>\n\n\n\n<p>Die Don Bosco Stiftung Chemnitz, nachfolgend: &#8222;das Unternehmen&#8220;, &#8222;wir&#8220; oder &#8222;uns&#8220; nehmen den Schutz Ihrer personenbezogenen Daten ernst und m\u00f6chten Sie an dieser Stelle \u00fcber den Datenschutz in unserem Unternehmen informieren.<\/p>\n\n\n\n<p>Uns sind im Rahmen unserer datenschutzrechtlichen Verantwortlichkeit durch das Inkrafttreten der EU-Datenschutz-Grundverordnung (Verordnung (EU) 2016\/679; nachfolgend: &#8222;DS-GVO&#8220;) zus\u00e4tzliche Pflichten auferlegt worden, um den Schutz personenbezogener Daten der von einer Verarbeitung betroffenen Person (wir sprechen Sie als betroffene Person nachfolgend auch mit &#8222;Kunde&#8220;, &#8222;Nutzer&#8220;, &#8222;Sie&#8220;, &#8222;Ihnen&#8220; oder &#8222;Betroffener&#8220; an) sicherzustellen.<\/p>\n\n\n\n<p>Soweit wir entweder alleine oder gemeinsam mit anderen \u00fcber die Zwecke und Mittel der Datenverarbeitung entscheiden, umfasst dies vor allem die Pflicht, Sie transparent \u00fcber Art, Umfang, Zweck, Dauer und Rechtsgrundlage der Verarbeitung zu informieren (vgl. Art.&nbsp;13 und 14 DS-GVO). Mit dieser Erkl\u00e4rung (nachfolgend: &#8222;Datenschutzhinweise&#8220;) informieren wir Sie dar\u00fcber, in welcher Weise Ihre personenbezogenen Daten von uns verarbeitet werden.<\/p>\n\n\n\n<p>Unsere Datenschutzhinweise sind modular aufgebaut. Sie bestehen aus einem allgemeinen Teil f\u00fcr jegliche Verarbeitung personenbezogener Daten und Verarbeitungssituationen, die bei jedem Aufruf einer Webseite zum Tragen kommen (A. Allgemeines) und einem besonderen Teil, dessen Inhalt sich jeweils nur auf die dort angegebene Verarbeitungssituation mit Bezeichnung des jeweiligen Angebots oder Produkts bezieht, insbesondere den hier n\u00e4her ausgestalteten Besuch von Webseiten (B. Besuch von Webseiten).<\/p>\n\n\n\n<div style=\"height:100px\" aria-hidden=\"true\" class=\"wp-block-spacer\"><\/div>\n\n\n\n<p><\/p>\n\n\n\n<p><strong>A. Allgemeines<\/strong><\/p>\n\n\n\n<p><strong>(1)&nbsp; Begriffsbestimmungen<\/strong><\/p>\n\n\n\n<p>Nach dem Vorbild des Art.&nbsp;4 DS-GVO liegen dieser Datenschutzhinweise folgende Begriffsbestimmungen zugrunde:<\/p>\n\n\n\n<p>\u2013 &#8222;Personenbezogene Daten&#8220; (Art.&nbsp;4 Nr.&nbsp;1 DS-GVO) sind alle Informationen, die sich auf eine identifizierte oder identifizierbare nat\u00fcrliche Person (&#8222;Betroffener&#8220;) beziehen. Identifizierbar ist eine Person, wenn sie direkt oder indirekt, insbesondere mittels Zuordnung zu einer Kennung wie einem Namen, einer Kennnummer, einer Online-Kennung, Standortdaten oder mithilfe von Informationen zu ihren physischen, physiologischen, genetischen, psychischen, wirtschaftlichen, kulturellen oder sozialen Identit\u00e4tsmerkmalen identifiziert werden kann. Die Identifizierbarkeit kann auch mittels einer Verkn\u00fcpfung von derartigen Informationen oder anderem Zusatzwissen gegeben sein. Auf das Zustandekommen, die Form oder die Verk\u00f6rperung der Informationen kommt es nicht an (auch Fotos, Video- oder Tonaufnahmen k\u00f6nnen personenbezogene Daten enthalten).<\/p>\n\n\n\n<p>\u2013 &#8222;Verarbeiten&#8220; (Art.&nbsp;4 Nr.&nbsp;2 DS-GVO) ist jeder Vorgang, bei dem mit personenbezogenen Daten umgegangen wird, gleich ob mit oder ohne Hilfe automatisierter (dh technikgest\u00fctzter) Verfahren. Dies umfasst insbesondere das Erheben (dh die Beschaffung), das Erfassen, die Organisation, das Ordnen, die Speicherung, die Anpassung oder Ver\u00e4nderung, das Auslesen, das Abfragen, die Verwendung, die Offenlegung durch \u00dcbermittlung, die Verbreitung oder sonstige Bereitstellung, den Abgleich, die Verkn\u00fcpfung, die Einschr\u00e4nkung, das L\u00f6schen oder die Vernichtung von personenbezogenen Daten sowie die \u00c4nderung einer Ziel- oder Zweckbestimmung, die einer Datenverarbeitung urspr\u00fcnglich zugrunde gelegt wurde.<\/p>\n\n\n\n<p>\u2013 &#8222;Verantwortlicher&#8220; (Art.&nbsp;4 Nr.&nbsp;7 DS-GVO) ist die nat\u00fcrliche oder juristische Person, Beh\u00f6rde, Einrichtung oder andere Stelle, die allein oder gemeinsam mit anderen \u00fcber die Zwecke und Mittel der Verarbeitung von personenbezogenen Daten entscheidet.<\/p>\n\n\n\n<p>\u2013 &#8222;Dritter&#8220; (Art.&nbsp;4 Nr.&nbsp;10 DS-GVO) ist jede nat\u00fcrliche oder juristische Person, Beh\u00f6rde, Einrichtung oder andere Stelle au\u00dfer dem Betroffenen, dem Verantwortlichen, dem Auftragsverarbeiter und den Personen, die unter der unmittelbaren Verantwortung des Verantwortlichen oder Auftragsverarbeiters befugt sind, die personenbezogenen Daten zu verarbeiten; dazu geh\u00f6ren auch andere konzernangeh\u00f6rige juristische Personen.<\/p>\n\n\n\n<p>\u2013 &#8222;Auftragsverarbeiter&#8220; (Art.&nbsp;4 Nr.&nbsp;8 DS-GVO) ist eine nat\u00fcrliche oder juristische Person, Beh\u00f6rde, Einrichtung oder andere Stelle, die personenbezogene Daten im Auftrag des Verantwortlichen, insbesondere gem\u00e4\u00df dessen Weisungen, verarbeitet (z. B. IT-Dienstleister). Im datenschutzrechtlichen Sinne ist ein Auftragsverarbeiter insbesondere kein Dritter.<\/p>\n\n\n\n<p>\u2013 &#8222;Einwilligung&#8220; (Art.&nbsp;4 Nr.&nbsp;11 DS-GVO) der betroffenen Person bezeichnet jede freiwillig f\u00fcr den bestimmten Fall, in informierter Weise und unmissverst\u00e4ndlich abgegebene Willensbekundung in Form einer Erkl\u00e4rung oder einer sonstigen eindeutigen best\u00e4tigenden Handlung, mit der die betroffene Person zu verstehen gibt, dass sie mit der Verarbeitung der sie betreffenden personenbezogenen Daten einverstanden ist.<\/p>\n\n\n\n<div style=\"height:100px\" aria-hidden=\"true\" class=\"wp-block-spacer\"><\/div>\n\n\n\n<p><strong>(2)&nbsp; Name und Anschrift des f\u00fcr die Verarbeitung Verantwortlichen<\/strong><\/p>\n\n\n\n<p>Die f\u00fcr die Verarbeitung Ihrer personenbezogenen Daten verantwortliche Stelle im Sinne des Art.&nbsp;4 Nr.&nbsp;7 DS-GVO sind wir:<\/p>\n\n\n\n<p><strong>DON BOSCO STIFTUNG Chemnitz<\/strong><br>Weststra\u00dfe 16<br>09112 Chemnitz<\/p>\n\n\n\n<p>c\/o Heuking; Tel.: 0371\/ 38 20 30<\/p>\n\n\n\n<p>www.dbs-c.de<br>info@dbs-c.de<\/p>\n\n\n\n<p>Weitere Angaben zu unserem Unternehmen entnehmen Sie bitte den <a href=\"https:\/\/dbs-c.de\/?page_id=33\">Impressumsangaben auf unserer Internetseite &gt;&gt;&gt;<\/a> <\/p>\n\n\n\n<div style=\"height:100px\" aria-hidden=\"true\" class=\"wp-block-spacer\"><\/div>\n\n\n\n<p><strong>(3)&nbsp;Rechtsgrundlagen der Datenverarbeitung<\/strong><\/p>\n\n\n\n<p>Von Gesetzes wegen ist im Grundsatz jede Verarbeitung personenbezogener Daten verboten und nur dann erlaubt, wenn die Datenverarbeitung unter einen der folgenden Rechtfertigungstatbest\u00e4nde f\u00e4llt:<\/p>\n\n\n\n<p>\u2013 Art.&nbsp;6 Abs.&nbsp;1 S.&nbsp;1 lit. a DS-GVO (&#8222;Einwilligung&#8220;): Wenn der Betroffene freiwillig, in informierter Weise und unmissverst\u00e4ndlich durch eine Erkl\u00e4rung oder eine sonstige eindeutige best\u00e4tigende Handlung zu verstehen gegeben hat, dass er mit der Verarbeitung der ihn betreffenden personenbezogenen Daten f\u00fcr einen oder mehrere bestimmte Zwecke einverstanden ist;<\/p>\n\n\n\n<p>\u2013 Art.&nbsp;6 Abs.&nbsp;1 S.&nbsp;1 lit. b DS-GVO: Wenn die Verarbeitung zur Erf\u00fcllung eines Vertrags, dessen Vertragspartei der Betroffene ist, oder zur Durchf\u00fchrung vorvertraglicher Ma\u00dfnahmen erforderlich ist, die auf die Anfrage des Betroffenen erfolgen;<\/p>\n\n\n\n<p>\u2013 Art.&nbsp;6 Abs.&nbsp;1 S.&nbsp;1 lit. c DS-GVO: Wenn die Verarbeitung zur Erf\u00fcllung einer rechtlichen Verpflichtung erforderlich ist, der der Verantwortliche unterliegt (z. B. eine gesetzliche Aufbewahrungspflicht);<\/p>\n\n\n\n<p>\u2013 Art.&nbsp;6 Abs.&nbsp;1 S.&nbsp;1 lit. d DS-GVO: Wenn die Verarbeitung erforderlich ist, um lebenswichtige Interessen des Betroffenen oder einer anderen nat\u00fcrlichen Person zu sch\u00fctzen;<\/p>\n\n\n\n<p>\u2013 Art.&nbsp;6 Abs.&nbsp;1 S.&nbsp;1 lit. e DS-GVO: Wenn die Verarbeitung f\u00fcr die Wahrnehmung einer Aufgabe erforderlich ist, die im \u00f6ffentlichen Interesse liegt oder in Aus\u00fcbung \u00f6ffentlicher Gewalt erfolgt, die dem Verantwortlichen \u00fcbertragen wurde oder<\/p>\n\n\n\n<p>\u2013 Art.&nbsp;6 Abs.&nbsp;1 S.&nbsp;1 lit. f DS-GVO (&#8222;Berechtigte Interessen&#8220;): Wenn die Verarbeitung zur Wahrung berechtigter (insbesondere rechtlicher oder wirtschaftlicher) Interessen des Verantwortlichen oder eines Dritten erforderlich ist, sofern nicht die gegenl\u00e4ufigen Interessen oder Rechte des Betroffenen \u00fcberwiegen (insbesondere dann, wenn es sich dabei um einen Minderj\u00e4hrigen handelt).&nbsp;<\/p>\n\n\n\n<p>F\u00fcr die von uns vorgenommenen Verarbeitungsvorg\u00e4nge geben wir im Folgenden jeweils die anwendbare Rechtsgrundlage an. Eine Verarbeitung kann auch auf mehreren Rechtsgrundlagen beruhen.<\/p>\n\n\n\n<div style=\"height:100px\" aria-hidden=\"true\" class=\"wp-block-spacer\"><\/div>\n\n\n\n<p><strong>(4)&nbsp;Datenl\u00f6schung und Speicherdauer<\/strong><\/p>\n\n\n\n<p>F\u00fcr die von uns vorgenommenen Verarbeitungsvorg\u00e4nge geben wir im Folgenden jeweils an, wie lange die Daten bei uns gespeichert und wann sie gel\u00f6scht oder gesperrt werden. Soweit nachfolgend keine ausdr\u00fcckliche Speicherdauer angegeben wird, werden Ihre personenbezogenen Daten gel\u00f6scht oder gesperrt, sobald der Zweck oder die Rechtsgrundlage f\u00fcr die Speicherung entf\u00e4llt. Eine Speicherung Ihrer Daten erfolgt grunds\u00e4tzlich nur auf unseren Servern in Deutschland, vorbehaltlich einer ggf. erfolgenden Weitergabe nach den Regelungen in A.(7) und A.(8).<\/p>\n\n\n\n<p>Eine Speicherung kann jedoch \u00fcber die angegebene Zeit hinaus im Falle einer (drohenden) Rechtsstreitigkeit mit Ihnen oder eines sonstigen rechtlichen Verfahrens erfolgen oder wenn die Speicherung durch gesetzliche Vorschriften, denen wir als Verantwortlicher unterliegen (zB \u00a7&nbsp;257 HGB, \u00a7&nbsp;147 AO), vorgesehen ist. Wenn die durch die gesetzlichen Vorschriften vorgeschriebene Speicherfrist abl\u00e4uft, erfolgt eine Sperrung oder L\u00f6schung der personenbezogenen Daten, es sei denn, dass eine weitere Speicherung durch uns erforderlich ist und daf\u00fcr eine Rechtsgrundlage besteht.<\/p>\n\n\n\n<div style=\"height:100px\" aria-hidden=\"true\" class=\"wp-block-spacer\"><\/div>\n\n\n\n<p><strong>(5) Datensicherheit<\/strong><\/p>\n\n\n\n<p>Wir bedienen uns geeigneter technischer und organisatorischer Sicherheitsma\u00dfnahmen, um Ihre Daten gegen zuf\u00e4llige oder vors\u00e4tzliche Manipulationen, teilweisen oder vollst\u00e4ndigen Verlust, Zerst\u00f6rung oder gegen den unbefugten Zugriff Dritter zu sch\u00fctzen (zB TSL-Verschl\u00fcsselung f\u00fcr unsere Webseite) unter Ber\u00fccksichtigung des Stands der Technik, der Implementierungskosten und der Natur, des Umfangs, des Kontextes und des Zwecks der Verarbeitung sowie der bestehenden Risiken einer Datenpanne (inklusive von deren Wahrscheinlichkeit und Auswirkungen) f\u00fcr den Betroffenen. Unsere Sicherheitsma\u00dfnahmen werden entsprechend der technologischen Entwicklung fortlaufend verbessert.<\/p>\n\n\n\n<p>N\u00e4here Informationen hierzu erteilen wir Ihnen auf Anfrage gerne.<\/p>\n\n\n\n<div style=\"height:100px\" aria-hidden=\"true\" class=\"wp-block-spacer\"><\/div>\n\n\n\n<p><strong>(6)&nbsp;Zusammenarbeit mit Auftragsverarbeitern<\/strong><\/p>\n\n\n\n<p>Wie bei jedem gr\u00f6\u00dferen Unternehmen, setzen auch wir zur Abwicklung unseres Gesch\u00e4ftsverkehrs externe in- und ausl\u00e4ndische Dienstleister ein (z. B. f\u00fcr die Bereiche IT, Logistik, Telekommunikation, Vertrieb und Marketing). Diese werden nur nach unserer Weisung t\u00e4tig und wurden iSv Art.&nbsp;28 DS-GVO vertraglich dazu verpflichtet, die datenschutzrechtlichen Bestimmungen einzuhalten.<\/p>\n\n\n\n<p>Sofern personenbezogene Daten von Ihnen durch uns an unsere Tochtergesellschaften weitergegeben werden oder von unseren Tochtergesellschaften an uns weitergegeben werden (zB zu werblichen Zwecken), geschieht dies aufgrund von bestehenden Auftragsverarbeitungsverh\u00e4ltnissen.<\/p>\n\n\n\n<div style=\"height:100px\" aria-hidden=\"true\" class=\"wp-block-spacer\"><\/div>\n\n\n\n<p><strong>(7)&nbsp;Voraussetzungen der Weitergabe von personenbezogenen Daten in Drittl\u00e4nder<\/strong><\/p>\n\n\n\n<p>Im Rahmen unserer Gesch\u00e4ftsbeziehungen k\u00f6nnen Ihre personenbezogenen Daten an Drittgesellschaften weitergegeben oder offengelegt werden. Diese k\u00f6nnen sich auch au\u00dferhalb des Europ\u00e4ischen Wirtschaftsraums (EWR), also in Drittl\u00e4ndern, befinden. Eine derartige Verarbeitung erfolgt ausschlie\u00dflich zur Erf\u00fcllung der vertraglichen und gesch\u00e4ftlichen Verpflichtungen und zur Pflege Ihrer Gesch\u00e4ftsbeziehung zu uns. \u00dcber die jeweiligen Einzelheiten der Weitergabe unterrichten wir Sie nachfolgend an den daf\u00fcr relevanten Stellen.<\/p>\n\n\n\n<p>Einigen Drittl\u00e4ndern bescheinigt die Europ\u00e4ische Kommission durch sog. Angemessenheitsbeschl\u00fcsse einen Datenschutz, der dem EWR-Standard vergleichbar ist (eine Liste dieser L\u00e4nder sowie eine Kopie der Angemessenheitsbeschl\u00fcsse erhalten Sie hier: <a href=\"http:\/\/ec.europa.eu\/justice\/data-protection\/international-transfers\/adequacy\/index_en.html\">http:\/\/ec.europa.eu\/justice\/data-protection\/international-transfers\/adequacy\/index_en.html<\/a>). In anderen Drittl\u00e4ndern, in die ggf. personenbezogene Daten \u00fcbertragen werden, herrscht aber unter Umst\u00e4nden wegen fehlender gesetzlicher Bestimmungen kein durchg\u00e4ngig hohes Datenschutzniveau. Soweit dies der Fall ist, achten wir darauf, dass der Datenschutz ausreichend gew\u00e4hrleistet ist. M\u00f6glich ist dies \u00fcber bindende Unternehmensvorschriften, Standard-Vertragsklauseln der Europ\u00e4ischen Kommission zum Schutz personenbezogener Daten, Zertifikate oder anerkannte Verhaltenskodizes.<\/p>\n\n\n\n<div style=\"height:100px\" aria-hidden=\"true\" class=\"wp-block-spacer\"><\/div>\n\n\n\n<p><strong>(8)&nbsp;Keine automatisiere Entscheidungsfindung (einschlie\u00dflich Profiling)<\/strong><\/p>\n\n\n\n<p>Wir haben nicht die Absicht, von Ihnen erhobene personenbezogene Daten f\u00fcr ein Verfahren zur automatisierten Entscheidungsfindung (einschlie\u00dflich Profiling) zu verwenden.<\/p>\n\n\n\n<div style=\"height:100px\" aria-hidden=\"true\" class=\"wp-block-spacer\"><\/div>\n\n\n\n<p><strong>(9) Keine Verpflichtung zur Bereitstellung personenbezogener Daten<\/strong><\/p>\n\n\n\n<p>Wir machen den Abschluss von Vertr\u00e4gen mit uns nicht davon abh\u00e4ngig, dass Sie uns zuvor personenbezogene Daten bereitstellen. F\u00fcr Sie als Kunde besteht grunds\u00e4tzlich auch keine gesetzliche oder vertragliche Verpflichtung, uns Ihre personenbezogenen Daten zur Verf\u00fcgung zu stellen; es kann jedoch sein, dass wir bestimmte Angebote nur eingeschr\u00e4nkt oder gar nicht erbringen k\u00f6nnen, wenn Sie die daf\u00fcr erforderlichen Daten nicht bereitstellen. Sofern dies im Rahmen der nachfolgend vorgestellten, von uns angebotenen Produkte ausnahmsweise der Fall sein sollte, werden Sie gesondert darauf hingewiesen.<\/p>\n\n\n\n<div style=\"height:100px\" aria-hidden=\"true\" class=\"wp-block-spacer\"><\/div>\n\n\n\n<p><strong>(10)&nbsp;Gesetzliche Verpflichtung zur \u00dcbermittlung bestimmter Daten<\/strong><\/p>\n\n\n\n<p>Wir k\u00f6nnen unter Umst\u00e4nden einer besonderen gesetzlichen oder rechtlichen Verpflichtung unterliegen, die rechtm\u00e4\u00dfig verarbeiteten personenbezogenen Daten f\u00fcr Dritte, insbesondere \u00f6ffentlichen Stellen, bereitzustellen (Art.&nbsp;6 Abs.&nbsp;1 S.&nbsp;1 lit. c DS-GVO).<\/p>\n\n\n\n<div style=\"height:100px\" aria-hidden=\"true\" class=\"wp-block-spacer\"><\/div>\n\n\n\n<p><strong>(11) Ihre Rechte<\/strong><\/p>\n\n\n\n<p>Ihre Rechte als Betroffener bez\u00fcglich Ihrer verarbeiteten personenbezogenen Daten k\u00f6nnen Sie uns gegen\u00fcber unter den eingangs unter A.(2) angegebenen Kontaktdaten jederzeit geltend machen. Sie haben als Betroffener das Recht:<\/p>\n\n\n\n<p>\u2013 gem\u00e4\u00df Art.&nbsp;15 DS-GVO Auskunft \u00fcber Ihre von uns verarbeiteten Daten zu verlangen. Insbesondere k\u00f6nnen Sie Auskunft \u00fcber die Verarbeitungszwecke, die Kategorie der Daten, die Kategorien von Empf\u00e4ngern, gegen\u00fcber denen Ihre Daten offengelegt wurden oder werden, die geplante Speicherdauer, das Bestehen eines Rechts auf Berichtigung, L\u00f6schung, Einschr\u00e4nkung der Verarbeitung oder Widerspruch, das Bestehen eines Beschwerderechts, die Herkunft ihrer Daten, sofern diese nicht bei uns erhoben wurden, sowie \u00fcber das Bestehen einer automatisierten Entscheidungsfindung einschlie\u00dflich Profiling und ggf. aussagekr\u00e4ftigen Informationen zu deren Einzelheiten verlangen;<\/p>\n\n\n\n<p>\u2013 gem\u00e4\u00df Art.&nbsp;16 DS-GVO unverz\u00fcglich die Berichtigung unrichtiger oder die Vervollst\u00e4ndigung Ihrer bei uns gespeicherten Daten zu verlangen;<\/p>\n\n\n\n<p>\u2013 gem\u00e4\u00df Art.&nbsp;17 DS-GVO die L\u00f6schung Ihrer bei uns gespeicherten Daten zu verlangen, soweit nicht die Verarbeitung zur Aus\u00fcbung des Rechts auf freie Meinungs\u00e4u\u00dferung und Information, zur Erf\u00fcllung einer rechtlichen Verpflichtung, aus Gr\u00fcnden des \u00f6ffentlichen Interesses oder zur Geltendmachung, Aus\u00fcbung oder Verteidigung von Rechtsanspr\u00fcchen erforderlich ist;<\/p>\n\n\n\n<p>\u2013 gem\u00e4\u00df Art.&nbsp;18 DS-GVO die Einschr\u00e4nkung der Verarbeitung Ihrer Daten zu verlangen, soweit die Richtigkeit der Daten von Ihnen bestritten wird oder die Verarbeitung unrechtm\u00e4\u00dfig ist;<\/p>\n\n\n\n<p>\u2013 gem\u00e4\u00df Art.&nbsp;20 DS-GVO Ihre Daten, die Sie uns bereitgestellt haben, in einem strukturierten, g\u00e4ngigen und maschinenlesbaren Format zu erhalten oder die \u00dcbermittlung an einen anderen Verantwortlichen zu verlangen (&#8222;Daten\u00fcbertragbarkeit&#8220;);<\/p>\n\n\n\n<p>\u2013 gem\u00e4\u00df Art.&nbsp;21 DS-GVO Widerspruch gegen die Verarbeitung einzulegen, sofern die Verarbeitung aufgrund von Art.&nbsp;6 Abs.&nbsp;1 S.&nbsp;1 lit. e oder lit. f DS-GVO erfolgt. Dies ist insbesondere der Fall, wenn die Verarbeitung nicht zur Erf\u00fcllung eines Vertrags mit Ihnen erforderlich ist. Sofern es sich nicht um einen Widerspruch gegen Direktwerbung handelt, bitten wir bei Aus\u00fcbung eines solchen Widerspruchs um die Darlegung der Gr\u00fcnde, weshalb wir Ihre Daten nicht wie von uns durchgef\u00fchrt verarbeiten sollen. Im Falle Ihres begr\u00fcndeten Widerspruchs pr\u00fcfen wir die Sachlage und werden entweder die Datenverarbeitung einstellen bzw. anpassen oder Ihnen unsere zwingenden schutzw\u00fcrdigen Gr\u00fcnde aufzeigen, aufgrund derer wir die Verarbeitung fortf\u00fchren;<\/p>\n\n\n\n<p>\u2013 gem\u00e4\u00df Art.&nbsp;7 Abs.&nbsp;3 DS-GVO Ihre einmal (auch vor der Geltung der DS-GVO, dh vor dem 25.5.2018) erteilte Einwilligung \u2013 also Ihr freiwilliger, in informierter Weise und unmissverst\u00e4ndlich durch eine Erkl\u00e4rung oder eine sonstige eindeutige best\u00e4tigende Handlung verst\u00e4ndlich gemachter Willen, dass Sie mit der Verarbeitung der betreffenden personenbezogenen Daten f\u00fcr einen oder mehrere bestimmte Zwecke einverstanden sind \u2013 jederzeit uns gegen\u00fcber zu widerrufen, falls Sie eine solche erteilt haben. Dies hat zur Folge, dass wir die Datenverarbeitung, die auf dieser Einwilligung beruhte, f\u00fcr die Zukunft nicht mehr fortf\u00fchren d\u00fcrfen und<\/p>\n\n\n\n<p>\u2013 gem\u00e4\u00df Art.&nbsp;77 DS-GVO sich bei einer Datenschutz-Aufsichtsbeh\u00f6rde \u00fcber die Verarbeitung Ihrer personenbezogenen Daten in unserem Unternehmen zu beschweren, etwa bei der f\u00fcr uns zust\u00e4ndigen Datenschutz-Aufsichtsbeh\u00f6rde: <\/p>\n\n\n\n<p>Der S\u00e4chsische Datenschutzbeauftragte<br>Kontor am Landtag<br>Devrientstra\u00dfe 1<br>01067 Dresden<br>Deutschland Tel.: 0351 493-5401<br><a href=\"mailto:saechsdsb@slt.sachsen.de\" target=\"_blank\" rel=\"noreferrer noopener\">saechsdsb@slt.sachsen.de<\/a><\/p>\n\n\n\n<div style=\"height:100px\" aria-hidden=\"true\" class=\"wp-block-spacer\"><\/div>\n\n\n\n<p><strong>(12)&nbsp;\u00c4nderungen der Datenschutzhinweise<\/strong><\/p>\n\n\n\n<p>Im Rahmen der Fortentwicklung des Datenschutzrechts sowie technologischer oder organisatorischer Ver\u00e4nderungen werden unsere Datenschutzhinweise regelm\u00e4\u00dfig auf Anpassungs- oder Erg\u00e4nzungsbedarf hin \u00fcberpr\u00fcft. \u00dcber \u00c4nderungen werden Sie insbesondere auf unserer deutschen Webseite unter <a href=\"http:\/\/www.dbs-c.de\">www.dbs-c.de<\/a> unterrichtet. Diese Datenschutzhinweise haben den Stand von <span style=\"color:#017f10\" class=\"has-inline-color\">November 2020<\/span>.<\/p>\n\n\n\n<div style=\"height:100px\" aria-hidden=\"true\" class=\"wp-block-spacer\"><\/div>\n\n\n\n<p><strong>B. Besuch von Webseiten<\/strong><\/p>\n\n\n\n<p><strong>(1)&nbsp;Erl\u00e4uterung der Funktion<\/strong><\/p>\n\n\n\n<p>Informationen zu unserem Unternehmen und den von uns angebotenen Leistungen erhalten Sie insbesondere unter <a href=\"http:\/\/www.dbs-c.de\">www.dbs-c.de<\/a> samt den dazugeh\u00f6rigen Unterseiten (nachfolgend gemeinsam: &#8222;Webseiten&#8220;). Bei einem Besuch unserer Webseiten k\u00f6nnen personenbezogene Daten von Ihnen verarbeitet werden.<\/p>\n\n\n\n<div style=\"height:100px\" aria-hidden=\"true\" class=\"wp-block-spacer\"><\/div>\n\n\n\n<p><strong>(2) Verarbeitete personenbezogene Daten<\/strong><\/p>\n\n\n\n<p>Bei der informatorischen Nutzung der Webseiten werden die folgenden Kategorien personenbezogener Daten von uns erhoben, gespeichert und weiterverarbeitet:<\/p>\n\n\n\n<p>&#8222;Protokolldaten&#8220;: Wenn Sie unsere Webseiten besuchen, wird auf unserem Webserver tempor\u00e4r und anonymisiert ein sogenannter Protokolldatensatz (sog. Server-Logfiles) gespeichert. Dieser besteht aus:<\/p>\n\n\n\n<p>\u2013 der Seite, von der aus die Seite angefordert wurde (sog. Referrer-URL)<\/p>\n\n\n\n<p>\u2013 dem Name und URL der angeforderten Seite<\/p>\n\n\n\n<p>\u2013 dem Datum und der Uhrzeit des Aufrufs<\/p>\n\n\n\n<p>\u2013 der Beschreibung des Typs, Sprache und Version des verwendeten Webbrowsers<\/p>\n\n\n\n<p>\u2013 der IP-Adresse des anfragenden Rechners, die so verk\u00fcrzt wird, dass ein Personenbezug nicht mehr herstellbar ist<\/p>\n\n\n\n<p>\u2013 der \u00fcbertragenen Datenmenge<\/p>\n\n\n\n<p>\u2013 dem Betriebssystem<\/p>\n\n\n\n<p>\u2013 der Meldung, ob der Aufruf erfolgreich war (Zugriffsstatus\/Http-Statuscode)<\/p>\n\n\n\n<p>\u2013 der GMT-Zeitzonendifferenz<\/p>\n\n\n\n<p>&#8222;Kontaktformulardaten&#8220;: Bei Nutzung von Kontaktformularen werden die dadurch \u00fcbermittelten Daten verarbeitet (z. B. Geschlecht, Name und Vorname, Anschrift, Firma, E-Mail-Adresse und der Zeitpunkt der \u00dcbermittlung).<\/p>\n\n\n\n<div style=\"height:100px\" aria-hidden=\"true\" class=\"wp-block-spacer\"><\/div>\n\n\n\n<p><strong>(3)&nbsp; Zweck und Rechtsgrundlage der Datenverarbeitung<\/strong><\/p>\n\n\n\n<p>Wir verarbeiten die vorstehend n\u00e4her bezeichneten personenbezogenen Daten in Einklang mit den Vorschriften der DS-GVO, den weiteren einschl\u00e4gigen Datenschutzvorschriften und nur im erforderlichen Umfang. Soweit die Verarbeitung der personenbezogenen Daten auf Art.&nbsp;6 Abs.&nbsp;1 S.&nbsp;1 lit. f DS-GVO beruht, stellen die genannten Zwecke zugleich unsere berechtigten Interessen dar.<\/p>\n\n\n\n<p>Die Verarbeitung der Protokolldaten dient statistischen Zwecken und der Verbesserung der Qualit\u00e4t unserer Webseite, insbesondere der Stabilit\u00e4t und der Sicherheit der Verbindung (Rechtsgrundlage ist Art.&nbsp;6 Abs.&nbsp;1 S.&nbsp;1 lit. f DS-GVO).<\/p>\n\n\n\n<p>Die Verarbeitung von Kontaktformulardaten erfolgt zur Bearbeitung von Kundenanfragen (Rechtsgrundlage ist Art.&nbsp;6 Abs.&nbsp;1 S.&nbsp;1 lit. b oder lit. f DS-GVO).<\/p>\n\n\n\n<div style=\"height:100px\" aria-hidden=\"true\" class=\"wp-block-spacer\"><\/div>\n\n\n\n<p><strong>(4)&nbsp; Dauer der Datenverarbeitung<\/strong><\/p>\n\n\n\n<p>Ihre Daten werden nur so lange verarbeitet, wie dies f\u00fcr die Erreichung der oben genannten Verarbeitungszwecke erforderlich ist; hierf\u00fcr gelten die im Rahmen der Verarbeitungszwecke angegebenen Rechtsgrundlagen entsprechend. Hinsichtlich der Nutzung und der Speicherdauer von Cookies beachten Sie bitte Punkt A.(5) sowie die <a href=\"https:\/\/dbs-c.de\/?page_id=671\">Cookie-Richtlinie &gt;&gt;&gt;<\/a><\/p>\n\n\n\n<p>Von uns eingesetzte Dritte werden Ihre Daten auf deren System so lange speichern, wie es im Zusammenhang mit der Erbringung der Leistungen f\u00fcr uns entsprechend dem jeweiligen Auftrag erforderlich ist.<\/p>\n\n\n\n<p>N\u00e4heres zur Speicherdauer finden Sie im \u00dcbrigen unter A.(5) und der <a href=\"https:\/\/dbs-c.de\/?page_id=671\">Cookie-Richtlinie &gt;&gt;&gt;<\/a><\/p>\n\n\n\n<div style=\"height:100px\" aria-hidden=\"true\" class=\"wp-block-spacer\"><\/div>\n\n\n\n<p><strong>(5)&nbsp; \u00dcbermittlung personenbezogener Daten an Dritte; Rechtfertigungsgrundlage<\/strong><\/p>\n\n\n\n<p>Folgende Kategorien von Empf\u00e4ngern, bei denen es sich im Regelfall um Auftragsverarbeiter handelt (siehe dazu A.(7)), erhalten ggf. Zugriff auf Ihre personenbezogenen Daten:<\/p>\n\n\n\n<p>\u2013 Dienstleister f\u00fcr den Betrieb unserer Webseite und die Verarbeitung der durch die Systeme gespeicherten oder \u00fcbermittelten Daten (zB f\u00fcr Rechenzentrumsleistungen, Zahlungsabwicklungen, IT-Sicherheit). Rechtsgrundlage f\u00fcr die Weitergabe ist dann Art.&nbsp;6 Abs.&nbsp;1 S.&nbsp;1 lit. b oder lit. f DS-GVO, soweit es sich nicht um Auftragsverarbeiter handelt;<\/p>\n\n\n\n<p>\u2013 Staatliche Stellen\/Beh\u00f6rden, soweit dies zur Erf\u00fcllung einer gesetzlichen Verpflichtung erforderlich ist. Rechtsgrundlage f\u00fcr die Weitergabe ist dann Art.&nbsp;6 Abs.&nbsp;1 S.&nbsp;1 lit. c DS-GVO;<\/p>\n\n\n\n<p>\u2013 Zur Durchf\u00fchrung unseres Gesch\u00e4ftsbetriebs eingesetzte Personen (zB Auditoren, Banken, Versicherungen, Rechtsberater, Aufsichtsbeh\u00f6rden, Beteiligte bei Unternehmensk\u00e4ufen oder der Gr\u00fcndung von Gemeinschaftsunternehmen). Rechtsgrundlage f\u00fcr die Weitergabe ist dann Art.&nbsp;6 Abs.&nbsp;1 S.&nbsp;1 lit. b oder lit. f DS-GVO.<\/p>\n\n\n\n<p>Zu den Gew\u00e4hrleistungen eines angemessenen Datenschutzniveaus bei einer Weitergabe der Daten in Drittl\u00e4nder siehe A.(8).&nbsp;<\/p>\n\n\n\n<p>Dar\u00fcber hinaus geben wir Ihre personenbezogenen Daten nur an Dritte weiter, wenn Sie nach Art.&nbsp;6 Abs.&nbsp;1 S.&nbsp;1 lit.&nbsp;a DS-GVO eine ausdr\u00fcckliche Einwilligung dazu erteilt haben.<\/p>\n\n\n\n<div style=\"height:100px\" aria-hidden=\"true\" class=\"wp-block-spacer\"><\/div>\n\n\n\n<p><strong>(6) Einsatz von Cookies, Plugins und sonstige Dienste auf unserer Webseite<\/strong><\/p>\n\n\n\n<p><strong>a)&nbsp;Cookie<\/strong><\/p>\n\n\n\n<p>Auf unseren Webseiten nutzen wir Cookies. Bei Cookies handelt es sich um kleine Textdateien, die auf Ihrer Festplatte dem von Ihnen verwendeten Browser durch eine charakteristische Zeichenfolge zugeordnet und gespeichert werden und durch welche der Stelle, die das Cookie setzt, bestimmte Informationen zuflie\u00dfen. Cookies k\u00f6nnen keine Programme ausf\u00fchren oder Viren auf Ihren Computer \u00fcbertragen und daher keine Sch\u00e4den anrichten. Sie dienen dazu, das Internetangebot insgesamt nutzerfreundlicher und effektiver, also f\u00fcr Sie angenehmer zu machen.<\/p>\n\n\n\n<p>Cookies k\u00f6nnen Daten enthalten, die eine Wiedererkennung des genutzten Ger\u00e4ts m\u00f6glich machen. Teilweise enthalten Cookies aber auch lediglich Informationen zu bestimmten Einstellungen, die nicht personenbeziehbar sind. Cookies k\u00f6nnen einen Nutzer aber nicht direkt identifizieren.&nbsp;<\/p>\n\n\n\n<p>Man unterscheidet zwischen Session-Cookies, die wieder gel\u00f6scht werden, sobald Sie ihren Browser schlie\u00dfen und permanenten Cookies, die \u00fcber die einzelne Sitzung hinaus gespeichert werden. Hinsichtlich ihrer Funktion unterscheidet man bei Cookies wiederum zwischen:<\/p>\n\n\n\n<p>\u2013 Technical Cookies: Diese sind zwingend erforderlich, um sich auf der Webseite zu bewegen, grundlegende Funktionen zu nutzen und die Sicherheit der Webseite zu gew\u00e4hrleisten; sie sammeln weder Informationen \u00fcber Sie zu Marketingzwecken noch speichern sie, welche Webseiten Sie besucht haben;<\/p>\n\n\n\n<p>\u2013 Performance Cookies: Diese sammeln Informationen dar\u00fcber, wie Sie unsere Webseite nutzen, welche Seiten Sie besuchen und z. B. ob Fehler bei der Webseitennutzung auftreten; sie sammeln keine Informationen, die Sie identifizieren k\u00f6nnten \u2013 alle gesammelten Informationen sind anonym und werden nur verwendet, um unsere Webseite zu verbessern und herauszufinden, was unsere Nutzer interessiert;<\/p>\n\n\n\n<p>\u2013 Advertising Cookies, Targeting Cookies: Diese dienen dazu, dem Webseitennutzer bedarfsgerechte Werbung auf der Webseite oder Angebote von Dritten anzubieten und die Effektivit\u00e4t dieser Angebote zu messen; Advertising und Targeting Cookies werden maximal 13&nbsp;Monate lang gespeichert;<\/p>\n\n\n\n<p>\u2013 Sharing Cookies: Diese dienen dazu, die Interaktivit\u00e4t unserer Webseite mit anderen Diensten (z. B. sozialen Netzwerken) zu verbessern; Sharing Cookies werden maximal 13&nbsp;Monate lang gespeichert.<\/p>\n\n\n\n<p>Jeder Einsatz von Cookies, der nicht zwingend technisch erforderlich ist, stellt eine Datenverarbeitung dar, die nur mit einer ausdr\u00fccklichen und aktiven Einwilligung Ihrerseits gem. Art.&nbsp;6 Abs.&nbsp;1 S.&nbsp;1 lit.&nbsp;a DS-GVO erlaubt ist. Dies gilt insbesondere f\u00fcr die Verwendung von Advertising, Targeting oder Sharing Cookies.Dar\u00fcber hinaus geben wir Ihre durch Cookies verarbeiteten personenbezogenen Daten nur an Dritte weiter, wenn Sie nach Art.&nbsp;6 Abs.&nbsp;1 S.&nbsp;1 lit. a DS-GVO eine ausdr\u00fcckliche Einwilligung dazu erteilt haben.<\/p>\n\n\n\n<div style=\"height:100px\" aria-hidden=\"true\" class=\"wp-block-spacer\"><\/div>\n\n\n\n<p><strong>b) Cookie-Richtlinie<\/strong><\/p>\n\n\n\n<p>Weitere Informationen dar\u00fcber, welche Cookies wir verwenden und wie Sie Ihre Cookie-Einstellungen verwalten und bestimmte Arten von Tracking deaktivieren k\u00f6nnen, finden Sie in unserer <a href=\"https:\/\/dbs-c.de\/?page_id=671\">Cookie-Richtlinie &gt;&gt;&gt;<\/a><\/p>\n\n\n\n<div style=\"height:100px\" aria-hidden=\"true\" class=\"wp-block-spacer\"><\/div>\n\n\n\n<p><strong>c)&nbsp;Social Media Plugins<\/strong><\/p>\n\n\n\n<p>Auf unseren Webseiten setzen wir keine Social-Media-Plugins ein. Sofern unsere Webseiten Symbole von Social-Media-Anbietern enthalten, nutzen wir diese lediglich zur passiven Verlinkung auf die Seiten der jeweiligen Anbieter.<\/p>\n","protected":false},"excerpt":{"rendered":"<p>Datenschutzerkl\u00e4rung nach DS-GVO Vorwort Die Don Bosco Stiftung Chemnitz, nachfolgend: &#8222;das Unternehmen&#8220;, &#8222;wir&#8220; oder &#8222;uns&#8220; nehmen den Schutz Ihrer personenbezogenen Daten ernst und m\u00f6chten Sie an dieser Stelle \u00fcber den Datenschutz in unserem Unternehmen informieren. Uns sind im Rahmen unserer datenschutzrechtlichen Verantwortlichkeit durch das Inkrafttreten der EU-Datenschutz-Grundverordnung (Verordnung (EU) 2016\/679; nachfolgend: &#8222;DS-GVO&#8220;) zus\u00e4tzliche Pflichten auferlegt [&hellip;]<\/p>\n","protected":false},"author":1,"featured_media":0,"parent":33,"menu_order":0,"comment_status":"closed","ping_status":"closed","template":"","meta":{"footnotes":""},"class_list":["post-299","page","type-page","status-publish","czr-hentry"],"_links":{"self":[{"href":"https:\/\/dbs-c.de\/index.php?rest_route=\/wp\/v2\/pages\/299","targetHints":{"allow":["GET"]}}],"collection":[{"href":"https:\/\/dbs-c.de\/index.php?rest_route=\/wp\/v2\/pages"}],"about":[{"href":"https:\/\/dbs-c.de\/index.php?rest_route=\/wp\/v2\/types\/page"}],"author":[{"embeddable":true,"href":"https:\/\/dbs-c.de\/index.php?rest_route=\/wp\/v2\/users\/1"}],"replies":[{"embeddable":true,"href":"https:\/\/dbs-c.de\/index.php?rest_route=%2Fwp%2Fv2%2Fcomments&post=299"}],"version-history":[{"count":6,"href":"https:\/\/dbs-c.de\/index.php?rest_route=\/wp\/v2\/pages\/299\/revisions"}],"predecessor-version":[{"id":928,"href":"https:\/\/dbs-c.de\/index.php?rest_route=\/wp\/v2\/pages\/299\/revisions\/928"}],"up":[{"embeddable":true,"href":"https:\/\/dbs-c.de\/index.php?rest_route=\/wp\/v2\/pages\/33"}],"wp:attachment":[{"href":"https:\/\/dbs-c.de\/index.php?rest_route=%2Fwp%2Fv2%2Fmedia&parent=299"}],"curies":[{"name":"wp","href":"https:\/\/api.w.org\/{rel}","templated":true}]}}